{"id":1040,"date":"2025-10-01T10:52:11","date_gmt":"2025-10-01T10:52:11","guid":{"rendered":"https:\/\/oikoumene.be\/?page_id=1040"},"modified":"2025-10-28T07:10:53","modified_gmt":"2025-10-28T07:10:53","slug":"09-2025-mechelse-gesprekken","status":"publish","type":"page","link":"https:\/\/oikoumene.be\/?page_id=1040","title":{"rendered":"09\/2025 Mechelse Gesprekken"},"content":{"rendered":"\n<p class=\"has-large-font-size\"><strong>Feestprogramma 100 jaar \u2018Mechelse gesprekken\u2019 <\/strong><\/p>\n\n\n\n<p class=\"has-large-font-size\"><strong>tussen Katholieken en Anglicanen<\/strong><\/p>\n\n\n\n<p>100 jaar geleden eindigden de \u2018Mechelse Gesprekken\u2019. Voorloper van de oecumene, nodigde toenmalig aartsbisschop-kardinaal D\u00e9sir\u00e9-Joseph Mercier (1851-1926) in een vriendschappelijke sfeer een paar mensen uit voor gesprekken die de voorwaarden onderzochten voor een toenadering tussen de Anglicaanse en de Rooms-Katholieke Kerk. Bij hen waren, onder meer, aan Anglicaanse zijde Charles Wood, 2nd Viscount Halifax, aan Katholieke zijde priester Fernand Portal. De gesprekken vonden plaats in Mechelen in het bisschoppelijk paleis in 1921, 1923 en 1925. De tafel waaraan de gesprekken werden gehouden staat er nog steeds.<\/p>\n\n\n\n<p class=\"has-large-font-size\"><strong>Programme festif 100 ans de \u2018Conversations de Malines\u2019 <\/strong><\/p>\n\n\n\n<p class=\"has-large-font-size\"><strong>entre Catholiques et Anglicans<\/strong><\/p>\n\n\n\n<p>ll y a 100 ans s\u2019achevaient les \u00ab Conversations de Malines \u00bb. Pr\u00e9curseur de l\u2019\u0153cum\u00e9nisme, le cardinal D\u00e9sir\u00e9-Joseph Mercier (1851-1926), alors archev\u00eaque, invitait dans une ambiance amicale quelques personnes \u00e0 des entretiens qui exploraient les conditions d\u2019un rapprochement entre les \u00c9glises anglicane et catholique romaine. Parmi eux se trouvaient, entre autres, du c\u00f4t\u00e9 anglican, Charles Wood, 2e vicomte d&#8217;Halifax, et du c\u00f4t\u00e9 catholique, le pr\u00eatre Fernand Portal. Les discussions ont eu lieu \u00e0 Malines, au palais \u00e9piscopal, en 1921, 1923 et 1925. La table \u00e0 laquelle les conversations ont eu lieu est toujours l\u00e0.<\/p>\n\n\n<div class=\"wp-block-image\">\n<figure class=\"aligncenter size-full\"><img loading=\"lazy\" decoding=\"async\" width=\"890\" height=\"401\" src=\"https:\/\/oikoumene.be\/wp-content\/uploads\/2025\/03\/image.jpeg\" alt=\"\" class=\"wp-image-945\" srcset=\"https:\/\/oikoumene.be\/wp-content\/uploads\/2025\/03\/image.jpeg 890w, https:\/\/oikoumene.be\/wp-content\/uploads\/2025\/03\/image-300x135.jpeg 300w, https:\/\/oikoumene.be\/wp-content\/uploads\/2025\/03\/image-768x346.jpeg 768w, https:\/\/oikoumene.be\/wp-content\/uploads\/2025\/03\/image-600x270.jpeg 600w\" sizes=\"auto, (max-width: 890px) 100vw, 890px\" \/><\/figure>\n<\/div>\n\n\n<p class=\"has-large-font-size\"><strong>Festive program 100 years of \u2018Malines Conversations\u2019 <\/strong><\/p>\n\n\n\n<p class=\"has-large-font-size\"><strong>between Catholics and Anglicans<\/strong><\/p>\n\n\n\n<p>100 years ago, the \u2018Malines Conversations\u2019 ended. Precursor to ecumenism, then-archbishop Cardinal D\u00e9sir\u00e9-Joseph Mercier (1851-1926), in a friendly atmosphere, invited a few people to talks that explored the conditions for a rapprochement between the Anglican and Roman Catholic Churches. With them were, among others, on the Anglican side Charles Wood, 2nd Viscount Halifax, on the Catholic side priest Fernand Portal. The talks took place in Mechelen at the episcopal palace in 1921, 1923 and 1925. The table where the conversations were held is still there.<\/p>\n\n\n\n<h2 class=\"wp-block-heading\"><strong>PROGRAM<\/strong> of the <strong>academic conference<\/strong><\/h2>\n\n\n\n<p><strong>The Centenary of the Malines Conversations<\/strong> <strong>and Anglican-Roman Catholic Dialogue Today<\/strong><\/p>\n\n\n\n<p><strong>18-20 September 2025<\/strong><\/p>\n\n\n\n<p><strong>Thursday 18 September<\/strong><\/p>\n\n\n\n<p><strong>16.00<\/strong>&nbsp;&nbsp;&nbsp;&nbsp;&nbsp;&nbsp;&nbsp;&nbsp;&nbsp;&nbsp;&nbsp;&nbsp;&nbsp;&nbsp;&nbsp;&nbsp;&nbsp; Registrations<\/p>\n\n\n\n<p><strong>17.00-19.00<\/strong>&nbsp;&nbsp;&nbsp;&nbsp;&nbsp;&nbsp; Opening plenary: The Historical context of the Malines Conversations (1921-1926)<\/p>\n\n\n\n<p><strong>17.00<\/strong>&nbsp;&nbsp;&nbsp;&nbsp;&nbsp;&nbsp;&nbsp;&nbsp;&nbsp;&nbsp;&nbsp;&nbsp;&nbsp;&nbsp;&nbsp;&nbsp;&nbsp; Word of Welcome by Archbishop Luc Terlinden, overview and practical information by Peter De Mey (KU Leuven) and deacon Koen Jacobs, diocesan responsible for ecumenism.<\/p>\n\n\n\n<p><strong>17.30<\/strong>&nbsp;&nbsp;&nbsp;&nbsp;&nbsp;&nbsp;&nbsp;&nbsp;&nbsp;&nbsp;&nbsp;&nbsp;&nbsp;&nbsp;&nbsp;&nbsp;&nbsp; Jan De Volder (KU Leuven), <em>The Catholic Protagonists and their Views on Christian Unity: Cardinal Mercier, Fernand Portal, Lambert Beauduin<\/em><\/p>\n\n\n\n<p><strong>18.10<\/strong>&nbsp;&nbsp;&nbsp;&nbsp;&nbsp;&nbsp;&nbsp;&nbsp;&nbsp;&nbsp;&nbsp;&nbsp;&nbsp;&nbsp;&nbsp;&nbsp;&nbsp; Jeremy Morris (National Advisor for Anglican Relations for the Church of England)<em>, An Anglican View on the Malines Conversations: Expectations, Experiences, Results<\/em><\/p>\n\n\n\n<p><strong>18.50<\/strong>&nbsp;&nbsp;&nbsp;&nbsp;&nbsp;&nbsp;&nbsp;&nbsp;&nbsp;&nbsp;&nbsp;&nbsp;&nbsp;&nbsp;&nbsp;&nbsp;&nbsp; Conversation with the two speakers<\/p>\n\n\n\n<p><strong>19.15<\/strong>&nbsp;&nbsp;&nbsp;&nbsp;&nbsp;&nbsp;&nbsp;&nbsp;&nbsp;&nbsp;&nbsp;&nbsp;&nbsp;&nbsp;&nbsp;&nbsp;&nbsp; Walking dinner<\/p>\n\n\n\n<p><strong>Friday 19 September<\/strong><\/p>\n\n\n\n<p><strong>8.00<\/strong>&nbsp;&nbsp;&nbsp;&nbsp;&nbsp;&nbsp;&nbsp;&nbsp;            Church Sint-Jan, Roman Catholic Eucharist, sermon by Anglican bishop Robert Innes<\/p>\n\n\n\n<p><strong>9.00-10.30<\/strong>&nbsp;&nbsp;&nbsp;&nbsp;&nbsp;&nbsp;&nbsp;&nbsp; Plenary session 2: The Anglican-Roman Catholic dialogue as an opportunity to reflect on ecumenical method<\/p>\n\n\n\n<p><strong>9.00<\/strong>&nbsp;&nbsp;&nbsp;&nbsp;&nbsp;&nbsp;&nbsp;&nbsp;&nbsp;&nbsp;&nbsp;&nbsp;&nbsp;&nbsp;&nbsp;&nbsp;&nbsp;&nbsp;&nbsp;&nbsp; Paul Murray (University of Durham), <em>Receptive Ecumenism as a Tool for Ecumenical Dialogue<\/em><\/p>\n\n\n\n<p><strong>9.30<\/strong>&nbsp;&nbsp;&nbsp;&nbsp;&nbsp;&nbsp;&nbsp;&nbsp;&nbsp;&nbsp;&nbsp;&nbsp;&nbsp;&nbsp;&nbsp;&nbsp;&nbsp;&nbsp;&nbsp;&nbsp; Ian Ernest (former Primate of the Anglican Church of the Indian Ocean), <em>The Ecumenical Methodology of IARCCUM: Experiences from Mauritius and Rome<\/em><\/p>\n\n\n\n<p><strong>10.00<\/strong>&nbsp;&nbsp;&nbsp;&nbsp;&nbsp;&nbsp;&nbsp;&nbsp;&nbsp;&nbsp;&nbsp;&nbsp;&nbsp;&nbsp;&nbsp;&nbsp;&nbsp; Conversation with the two speakers<\/p>\n\n\n\n<p><strong>10.30<\/strong>&nbsp;&nbsp;&nbsp;&nbsp;&nbsp;&nbsp;&nbsp;&nbsp;&nbsp;&nbsp;&nbsp;&nbsp;&nbsp;&nbsp;&nbsp;&nbsp;&nbsp; Coffee break<\/p>\n\n\n\n<p><strong>11.00-12.30<\/strong>&nbsp;&nbsp;&nbsp;&nbsp;&nbsp;&nbsp; Short paper session 1<\/p>\n\n\n\n<p><strong>12.30-14.00<\/strong>&nbsp;&nbsp;&nbsp;&nbsp;&nbsp;&nbsp; Lunch break<\/p>\n\n\n\n<p><strong>14.00-16.00<\/strong>&nbsp;&nbsp;&nbsp;&nbsp;&nbsp;&nbsp; Plenary session 3: The Anglican-Roman Catholic dialogue as an opportunity to reflect on Church and ministry<\/p>\n\n\n\n<p><strong>14.00<\/strong>&nbsp;&nbsp;&nbsp;&nbsp;&nbsp;&nbsp;&nbsp;&nbsp;&nbsp;&nbsp;&nbsp;&nbsp;&nbsp;&nbsp;&nbsp;&nbsp;&nbsp; Jamie Hawkey (Canon theologian, Westminster Abbey), <em>Do Anglican Orders Have to Remain forever Utterly Null and Void?<\/em><\/p>\n\n\n\n<p><strong>14.30<\/strong>&nbsp;&nbsp;&nbsp;&nbsp;&nbsp;&nbsp;&nbsp;&nbsp;&nbsp;&nbsp;&nbsp;&nbsp;&nbsp;&nbsp;&nbsp;&nbsp;&nbsp; Arnaud Join-Lambert (UC Louvain), <em>The Ecumenical Significance of the Rediscovery of Synodality in the Roman Catholic Church<\/em><\/p>\n\n\n\n<p><strong>15.00<\/strong>&nbsp;&nbsp;&nbsp;&nbsp;&nbsp;&nbsp;&nbsp;&nbsp;&nbsp;&nbsp;&nbsp;&nbsp;&nbsp;&nbsp;&nbsp;&nbsp;&nbsp; Conversation with the two speakers<\/p>\n\n\n\n<p><strong>15.30<\/strong>&nbsp;&nbsp;&nbsp;&nbsp;&nbsp;&nbsp;&nbsp;&nbsp;&nbsp;&nbsp;&nbsp;&nbsp;&nbsp;&nbsp;&nbsp;&nbsp;&nbsp; Coffee break<\/p>\n\n\n\n<p><strong>16.00-18.00<\/strong>&nbsp;&nbsp;&nbsp;&nbsp;&nbsp;&nbsp; Short paper session 2<\/p>\n\n\n\n<p><strong>20.00&nbsp;&nbsp;&nbsp;&nbsp;&nbsp;&nbsp;&nbsp;&nbsp;&nbsp;&nbsp;&nbsp;&nbsp;&nbsp;&nbsp;&nbsp;&nbsp;&nbsp; <\/strong>Concert by Christ\u2019s College Cambridge Choir<\/p>\n\n\n\n<p><strong>Saturday 20 September<\/strong><\/p>\n\n\n\n<p><strong>8.00<\/strong>&nbsp;&nbsp;&nbsp;&nbsp;&nbsp;&nbsp;&nbsp;&nbsp;             Church Sint-Jan, Roman Catholic Eucharist, sermon by Anglican theologian Helen Orchard<\/p>\n\n\n\n<p><strong>9.00-10.30<\/strong>&nbsp;&nbsp;&nbsp;&nbsp;&nbsp;&nbsp;&nbsp;&nbsp; Short paper session 3<\/p>\n\n\n\n<p><strong>10.30<\/strong>&nbsp;&nbsp;&nbsp;&nbsp;&nbsp;&nbsp;&nbsp;&nbsp;&nbsp;&nbsp;&nbsp;&nbsp;&nbsp;&nbsp;&nbsp;&nbsp;&nbsp; Coffee break<\/p>\n\n\n\n<p><strong>11.00-12.30<\/strong>&nbsp;&nbsp;&nbsp;&nbsp;&nbsp;&nbsp; Plenary session 4: The Anglican-Catholic dialogue as an opportunity to reflect on Christian life and worship<\/p>\n\n\n\n<p><strong>11.00<\/strong>&nbsp;&nbsp;&nbsp;&nbsp;&nbsp;&nbsp;&nbsp;&nbsp;&nbsp;&nbsp;&nbsp;&nbsp;&nbsp;&nbsp;&nbsp;&nbsp;&nbsp; Kirsty Borthwick (College chaplain Christ Church, University of Oxford), <em>The Beauty of Anglican Liturgies as an Example for Other Christian Churches<\/em><\/p>\n\n\n\n<p><strong>11.30<\/strong>&nbsp;&nbsp;&nbsp;&nbsp;&nbsp;&nbsp;&nbsp;&nbsp;&nbsp;&nbsp;&nbsp;&nbsp;&nbsp;&nbsp;&nbsp;&nbsp;&nbsp; Sigrid M\u00fcller (Universit\u00e4t Wien), <em>The Challenge and Richness of the Anglican-Roman Catholic Dialogue on Ethical Issues<\/em><\/p>\n\n\n\n<p><strong>12.00<\/strong>&nbsp;&nbsp;&nbsp;&nbsp;&nbsp;&nbsp;&nbsp;&nbsp;&nbsp;&nbsp;&nbsp;&nbsp;&nbsp;&nbsp;&nbsp;&nbsp;&nbsp; Conversation with the two speakers<\/p>\n\n\n\n<p><strong>12.30<\/strong>&nbsp;&nbsp;&nbsp;&nbsp;&nbsp;&nbsp;&nbsp;&nbsp;&nbsp;&nbsp;&nbsp;&nbsp;&nbsp;&nbsp;&nbsp;&nbsp;&nbsp; Highlights of the conference as experienced by an Anglican and a Catholic listener<\/p>\n\n\n\n<p><strong>12.50<\/strong>&nbsp;&nbsp;&nbsp;&nbsp;&nbsp;&nbsp;&nbsp;&nbsp;&nbsp;&nbsp;&nbsp;&nbsp;&nbsp;&nbsp;&nbsp;&nbsp;&nbsp; Words of thanks<\/p>\n\n\n\n<p><strong>13.00<\/strong>&nbsp;&nbsp;&nbsp;&nbsp;&nbsp;&nbsp;             End of the conference<\/p>\n\n\n\n<p><strong>14.30-17.30<\/strong>&nbsp;&nbsp;&nbsp;&nbsp;&nbsp;&nbsp; City tour with visit to the Cathedral.<\/p>\n\n\n\n<p><strong>18.30-21.00<\/strong>&nbsp;&nbsp;&nbsp;&nbsp;&nbsp;&nbsp; Conference dinner<\/p>\n\n\n\n<p class=\"has-large-font-size\"><strong>Concert op vrijdagavond<\/strong><\/p>\n\n\n\n<p><\/p>\n\n\n\n<p>Naar aanleiding van de honderdste verjaardag van de Mechelse Gesprekken kon je op vrijdag 19 september 2025 in de kathedraal komen luisteren naar het gerenommeerde Chapel Choir van Christ&#8217;s College uit Cambridge. Ze brachten voor deze gelegenheid\u00a0een niet te missen concert met Engels koormuziek van de zestiende tot de eenentwintigste eeuw.<\/p>\n\n\n\n<p><em>Op het programma :<br><\/em><em><br>&#8211;&nbsp; Songs of Farewell van C.H.H. Parry<br>&#8211;&nbsp; Requiem van Herbert Howells<br>&#8211;&nbsp;&nbsp;werken van o.a. Tallis, Gibbons, Stanford, Weir en Rooney<\/em><\/p>\n\n\n\n<p><strong>Aanvang : 20u<\/strong><\/p>\n\n\n\n<p class=\"has-large-font-size\"><strong>Festive program on Sunday&nbsp;<\/strong><\/p>\n\n\n\n<p>At the end of the festive program, there was a solemn moment on Sunday afternoon in the Saint Rumbold\u2019s Cathedral.<\/p>\n\n\n\n<p>14.00&nbsp;&nbsp; Academic session<\/p>\n\n\n\n<p>15.30&nbsp;&nbsp; Unveiling of a memorial plaque at the tomb of Cardinal Mercier<\/p>\n\n\n\n<p>16.00&nbsp;&nbsp; Anglican Evensong<\/p>\n\n\n\n<p>The speakers were Archbishop Luc Terlinden, Cardinal Kurt Koch, Bishop Johan Bonny, Archbishop of York Stephen Cottrell.<\/p>\n\n\n\n<p>Peter Wood, Earl of Halifax and great-grandson of Charles Wood, conversation partner of Cardinal Mercier, also addressed the audience.<\/p>\n","protected":false},"excerpt":{"rendered":"<p>Feestprogramma 100 jaar \u2018Mechelse gesprekken\u2019 tussen Katholieken en Anglicanen 100 jaar geleden eindigden de \u2018Mechelse Gesprekken\u2019. Voorloper van de oecumene, nodigde toenmalig aartsbisschop-kardinaal D\u00e9sir\u00e9-Joseph Mercier (1851-1926) in een vriendschappelijke sfeer een paar mensen uit voor gesprekken die de voorwaarden onderzochten voor een toenadering tussen de Anglicaanse en de Rooms-Katholieke Kerk. Bij hen waren, onder meer, [&hellip;]<\/p>\n","protected":false},"author":6,"featured_media":0,"parent":0,"menu_order":0,"comment_status":"closed","ping_status":"closed","template":"","meta":{"footnotes":""},"class_list":["post-1040","page","type-page","status-publish","hentry"],"yoast_head":"<!-- This site is optimized with the Yoast SEO plugin v27.4 - https:\/\/yoast.com\/product\/yoast-seo-wordpress\/ -->\n<title>09\/2025 Mechelse Gesprekken - Oikoumene<\/title>\n<meta name=\"robots\" content=\"index, follow, max-snippet:-1, max-image-preview:large, max-video-preview:-1\" \/>\n<link rel=\"canonical\" href=\"https:\/\/oikoumene.be\/?page_id=1040\" \/>\n<meta property=\"og:locale\" content=\"nl_BE\" \/>\n<meta property=\"og:type\" content=\"article\" \/>\n<meta property=\"og:title\" content=\"09\/2025 Mechelse Gesprekken - Oikoumene\" \/>\n<meta property=\"og:description\" content=\"Feestprogramma 100 jaar \u2018Mechelse gesprekken\u2019 tussen Katholieken en Anglicanen 100 jaar geleden eindigden de \u2018Mechelse Gesprekken\u2019. Voorloper van de oecumene, nodigde toenmalig aartsbisschop-kardinaal D\u00e9sir\u00e9-Joseph Mercier (1851-1926) in een vriendschappelijke sfeer een paar mensen uit voor gesprekken die de voorwaarden onderzochten voor een toenadering tussen de Anglicaanse en de Rooms-Katholieke Kerk. Bij hen waren, onder meer, [&hellip;]\" \/>\n<meta property=\"og:url\" content=\"https:\/\/oikoumene.be\/?page_id=1040\" \/>\n<meta property=\"og:site_name\" content=\"Oikoumene\" \/>\n<meta property=\"article:modified_time\" content=\"2025-10-28T07:10:53+00:00\" \/>\n<meta property=\"og:image\" content=\"https:\/\/oikoumene.be\/wp-content\/uploads\/2025\/03\/image.jpeg\" \/>\n\t<meta property=\"og:image:width\" content=\"890\" \/>\n\t<meta property=\"og:image:height\" content=\"401\" \/>\n\t<meta property=\"og:image:type\" content=\"image\/jpeg\" \/>\n<meta name=\"twitter:card\" content=\"summary_large_image\" \/>\n<meta name=\"twitter:label1\" content=\"Geschatte leestijd\" \/>\n\t<meta name=\"twitter:data1\" content=\"5 minuten\" \/>\n<script type=\"application\/ld+json\" class=\"yoast-schema-graph\">{\"@context\":\"https:\\\/\\\/schema.org\",\"@graph\":[{\"@type\":\"WebPage\",\"@id\":\"https:\\\/\\\/oikoumene.be\\\/?page_id=1040\",\"url\":\"https:\\\/\\\/oikoumene.be\\\/?page_id=1040\",\"name\":\"09\\\/2025 Mechelse Gesprekken - Oikoumene\",\"isPartOf\":{\"@id\":\"https:\\\/\\\/oikoumene.be\\\/#website\"},\"primaryImageOfPage\":{\"@id\":\"https:\\\/\\\/oikoumene.be\\\/?page_id=1040#primaryimage\"},\"image\":{\"@id\":\"https:\\\/\\\/oikoumene.be\\\/?page_id=1040#primaryimage\"},\"thumbnailUrl\":\"https:\\\/\\\/oikoumene.be\\\/wp-content\\\/uploads\\\/2025\\\/03\\\/image.jpeg\",\"datePublished\":\"2025-10-01T10:52:11+00:00\",\"dateModified\":\"2025-10-28T07:10:53+00:00\",\"breadcrumb\":{\"@id\":\"https:\\\/\\\/oikoumene.be\\\/?page_id=1040#breadcrumb\"},\"inLanguage\":\"nl-BE\",\"potentialAction\":[{\"@type\":\"ReadAction\",\"target\":[\"https:\\\/\\\/oikoumene.be\\\/?page_id=1040\"]}]},{\"@type\":\"ImageObject\",\"inLanguage\":\"nl-BE\",\"@id\":\"https:\\\/\\\/oikoumene.be\\\/?page_id=1040#primaryimage\",\"url\":\"https:\\\/\\\/oikoumene.be\\\/wp-content\\\/uploads\\\/2025\\\/03\\\/image.jpeg\",\"contentUrl\":\"https:\\\/\\\/oikoumene.be\\\/wp-content\\\/uploads\\\/2025\\\/03\\\/image.jpeg\",\"width\":890,\"height\":401},{\"@type\":\"BreadcrumbList\",\"@id\":\"https:\\\/\\\/oikoumene.be\\\/?page_id=1040#breadcrumb\",\"itemListElement\":[{\"@type\":\"ListItem\",\"position\":1,\"name\":\"Home\",\"item\":\"https:\\\/\\\/oikoumene.be\\\/\"},{\"@type\":\"ListItem\",\"position\":2,\"name\":\"09\\\/2025 Mechelse Gesprekken\"}]},{\"@type\":\"WebSite\",\"@id\":\"https:\\\/\\\/oikoumene.be\\\/#website\",\"url\":\"https:\\\/\\\/oikoumene.be\\\/\",\"name\":\"Oikoumene\",\"description\":\"\",\"publisher\":{\"@id\":\"https:\\\/\\\/oikoumene.be\\\/#organization\"},\"potentialAction\":[{\"@type\":\"SearchAction\",\"target\":{\"@type\":\"EntryPoint\",\"urlTemplate\":\"https:\\\/\\\/oikoumene.be\\\/?s={search_term_string}\"},\"query-input\":{\"@type\":\"PropertyValueSpecification\",\"valueRequired\":true,\"valueName\":\"search_term_string\"}}],\"inLanguage\":\"nl-BE\"},{\"@type\":\"Organization\",\"@id\":\"https:\\\/\\\/oikoumene.be\\\/#organization\",\"name\":\"Oikoumene\",\"url\":\"https:\\\/\\\/oikoumene.be\\\/\",\"logo\":{\"@type\":\"ImageObject\",\"inLanguage\":\"nl-BE\",\"@id\":\"https:\\\/\\\/oikoumene.be\\\/#\\\/schema\\\/logo\\\/image\\\/\",\"url\":\"https:\\\/\\\/oikoumene.be\\\/wp-content\\\/uploads\\\/2023\\\/11\\\/cropped-logo-1.png\",\"contentUrl\":\"https:\\\/\\\/oikoumene.be\\\/wp-content\\\/uploads\\\/2023\\\/11\\\/cropped-logo-1.png\",\"width\":225,\"height\":225,\"caption\":\"Oikoumene\"},\"image\":{\"@id\":\"https:\\\/\\\/oikoumene.be\\\/#\\\/schema\\\/logo\\\/image\\\/\"}}]}<\/script>\n<!-- \/ Yoast SEO plugin. -->","yoast_head_json":{"title":"09\/2025 Mechelse Gesprekken - Oikoumene","robots":{"index":"index","follow":"follow","max-snippet":"max-snippet:-1","max-image-preview":"max-image-preview:large","max-video-preview":"max-video-preview:-1"},"canonical":"https:\/\/oikoumene.be\/?page_id=1040","og_locale":"nl_BE","og_type":"article","og_title":"09\/2025 Mechelse Gesprekken - Oikoumene","og_description":"Feestprogramma 100 jaar \u2018Mechelse gesprekken\u2019 tussen Katholieken en Anglicanen 100 jaar geleden eindigden de \u2018Mechelse Gesprekken\u2019. Voorloper van de oecumene, nodigde toenmalig aartsbisschop-kardinaal D\u00e9sir\u00e9-Joseph Mercier (1851-1926) in een vriendschappelijke sfeer een paar mensen uit voor gesprekken die de voorwaarden onderzochten voor een toenadering tussen de Anglicaanse en de Rooms-Katholieke Kerk. Bij hen waren, onder meer, [&hellip;]","og_url":"https:\/\/oikoumene.be\/?page_id=1040","og_site_name":"Oikoumene","article_modified_time":"2025-10-28T07:10:53+00:00","og_image":[{"width":890,"height":401,"url":"https:\/\/oikoumene.be\/wp-content\/uploads\/2025\/03\/image.jpeg","type":"image\/jpeg"}],"twitter_card":"summary_large_image","twitter_misc":{"Geschatte leestijd":"5 minuten"},"schema":{"@context":"https:\/\/schema.org","@graph":[{"@type":"WebPage","@id":"https:\/\/oikoumene.be\/?page_id=1040","url":"https:\/\/oikoumene.be\/?page_id=1040","name":"09\/2025 Mechelse Gesprekken - Oikoumene","isPartOf":{"@id":"https:\/\/oikoumene.be\/#website"},"primaryImageOfPage":{"@id":"https:\/\/oikoumene.be\/?page_id=1040#primaryimage"},"image":{"@id":"https:\/\/oikoumene.be\/?page_id=1040#primaryimage"},"thumbnailUrl":"https:\/\/oikoumene.be\/wp-content\/uploads\/2025\/03\/image.jpeg","datePublished":"2025-10-01T10:52:11+00:00","dateModified":"2025-10-28T07:10:53+00:00","breadcrumb":{"@id":"https:\/\/oikoumene.be\/?page_id=1040#breadcrumb"},"inLanguage":"nl-BE","potentialAction":[{"@type":"ReadAction","target":["https:\/\/oikoumene.be\/?page_id=1040"]}]},{"@type":"ImageObject","inLanguage":"nl-BE","@id":"https:\/\/oikoumene.be\/?page_id=1040#primaryimage","url":"https:\/\/oikoumene.be\/wp-content\/uploads\/2025\/03\/image.jpeg","contentUrl":"https:\/\/oikoumene.be\/wp-content\/uploads\/2025\/03\/image.jpeg","width":890,"height":401},{"@type":"BreadcrumbList","@id":"https:\/\/oikoumene.be\/?page_id=1040#breadcrumb","itemListElement":[{"@type":"ListItem","position":1,"name":"Home","item":"https:\/\/oikoumene.be\/"},{"@type":"ListItem","position":2,"name":"09\/2025 Mechelse Gesprekken"}]},{"@type":"WebSite","@id":"https:\/\/oikoumene.be\/#website","url":"https:\/\/oikoumene.be\/","name":"Oikoumene","description":"","publisher":{"@id":"https:\/\/oikoumene.be\/#organization"},"potentialAction":[{"@type":"SearchAction","target":{"@type":"EntryPoint","urlTemplate":"https:\/\/oikoumene.be\/?s={search_term_string}"},"query-input":{"@type":"PropertyValueSpecification","valueRequired":true,"valueName":"search_term_string"}}],"inLanguage":"nl-BE"},{"@type":"Organization","@id":"https:\/\/oikoumene.be\/#organization","name":"Oikoumene","url":"https:\/\/oikoumene.be\/","logo":{"@type":"ImageObject","inLanguage":"nl-BE","@id":"https:\/\/oikoumene.be\/#\/schema\/logo\/image\/","url":"https:\/\/oikoumene.be\/wp-content\/uploads\/2023\/11\/cropped-logo-1.png","contentUrl":"https:\/\/oikoumene.be\/wp-content\/uploads\/2023\/11\/cropped-logo-1.png","width":225,"height":225,"caption":"Oikoumene"},"image":{"@id":"https:\/\/oikoumene.be\/#\/schema\/logo\/image\/"}}]}},"_links":{"self":[{"href":"https:\/\/oikoumene.be\/index.php?rest_route=\/wp\/v2\/pages\/1040","targetHints":{"allow":["GET"]}}],"collection":[{"href":"https:\/\/oikoumene.be\/index.php?rest_route=\/wp\/v2\/pages"}],"about":[{"href":"https:\/\/oikoumene.be\/index.php?rest_route=\/wp\/v2\/types\/page"}],"author":[{"embeddable":true,"href":"https:\/\/oikoumene.be\/index.php?rest_route=\/wp\/v2\/users\/6"}],"replies":[{"embeddable":true,"href":"https:\/\/oikoumene.be\/index.php?rest_route=%2Fwp%2Fv2%2Fcomments&post=1040"}],"version-history":[{"count":9,"href":"https:\/\/oikoumene.be\/index.php?rest_route=\/wp\/v2\/pages\/1040\/revisions"}],"predecessor-version":[{"id":1122,"href":"https:\/\/oikoumene.be\/index.php?rest_route=\/wp\/v2\/pages\/1040\/revisions\/1122"}],"wp:attachment":[{"href":"https:\/\/oikoumene.be\/index.php?rest_route=%2Fwp%2Fv2%2Fmedia&parent=1040"}],"curies":[{"name":"wp","href":"https:\/\/api.w.org\/{rel}","templated":true}]}}